{"id":621,"date":"2016-03-23T07:56:35","date_gmt":"2016-03-23T07:56:35","guid":{"rendered":"http:\/\/www.hirvarit.fi\/teatteri\/?page_id=621"},"modified":"2016-05-23T13:00:24","modified_gmt":"2016-05-23T13:00:24","slug":"ella-ja-kaverit-teatterissa-valokuvat","status":"publish","type":"page","link":"https:\/\/www.hirvarit.fi\/teatteri\/hirvarit-2\/menneet-naytelmat-2\/ella-ja-kaverit-teatterissa\/ella-ja-kaverit-teatterissa-valokuvat\/","title":{"rendered":"Ella ja kaverit teatterissa \/ Valokuvat"},"content":{"rendered":"<h3>ELLA JA KAVERIT TEATTERISSA<\/h3>\n<p>Kuvat: Mika Nurmi Photography<\/p>\n<div id='gallery-1' class='gallery galleryid-621 gallery-columns-3 gallery-size-medium'><figure class='gallery-item'>\n\t\t\t<div class='gallery-icon portrait'>\n\t\t\t\t<a href='https:\/\/www.hirvarit.fi\/teatteri\/hirvarit-2\/menneet-naytelmat-2\/ella-ja-kaverit-teatterissa\/ella-ja-kaverit-teatterissa-valokuvat\/ella-pressi-korjaus-1-2\/'><img fetchpriority=\"high\" decoding=\"async\" width=\"232\" height=\"300\" src=\"https:\/\/www.hirvarit.fi\/teatteri\/wp-content\/uploads\/2016\/03\/Ella-pressi-korjaus-1-1-232x300.jpg\" class=\"attachment-medium size-medium\" alt=\"Ella Pressi Korjaus 1 1 232x300\" aria-describedby=\"gallery-1-823\" srcset=\"https:\/\/www.hirvarit.fi\/teatteri\/wp-content\/uploads\/2016\/03\/Ella-pressi-korjaus-1-1-232x300.jpg 232w, https:\/\/www.hirvarit.fi\/teatteri\/wp-content\/uploads\/2016\/03\/Ella-pressi-korjaus-1-1-768x993.jpg 768w, https:\/\/www.hirvarit.fi\/teatteri\/wp-content\/uploads\/2016\/03\/Ella-pressi-korjaus-1-1-792x1024.jpg 792w, https:\/\/www.hirvarit.fi\/teatteri\/wp-content\/uploads\/2016\/03\/Ella-pressi-korjaus-1-1.jpg 1160w\" sizes=\"(max-width: 232px) 100vw, 232px\" title=\"Ella ja kaverit teatterissa \/ Valokuvat\"><\/a>\n\t\t\t<\/div>\n\t\t\t\t<figcaption class='wp-caption-text gallery-caption' id='gallery-1-823'>\n\t\t\t\tElla (Seela Moilanen)\n\t\t\t\t<\/figcaption><\/figure><figure class='gallery-item'>\n\t\t\t<div class='gallery-icon portrait'>\n\t\t\t\t<a href='https:\/\/www.hirvarit.fi\/teatteri\/hirvarit-2\/menneet-naytelmat-2\/ella-ja-kaverit-teatterissa\/ella-ja-kaverit-teatterissa-valokuvat\/ella-pressi-valmiit-10-2\/'><img decoding=\"async\" width=\"200\" height=\"300\" src=\"https:\/\/www.hirvarit.fi\/teatteri\/wp-content\/uploads\/2016\/03\/Ella-pressi-valmiit-10-1-200x300.jpg\" class=\"attachment-medium size-medium\" alt=\"Ella Pressi Valmiit 10 1 200x300\" aria-describedby=\"gallery-1-824\" srcset=\"https:\/\/www.hirvarit.fi\/teatteri\/wp-content\/uploads\/2016\/03\/Ella-pressi-valmiit-10-1-200x300.jpg 200w, https:\/\/www.hirvarit.fi\/teatteri\/wp-content\/uploads\/2016\/03\/Ella-pressi-valmiit-10-1-768x1152.jpg 768w, https:\/\/www.hirvarit.fi\/teatteri\/wp-content\/uploads\/2016\/03\/Ella-pressi-valmiit-10-1-683x1024.jpg 683w, https:\/\/www.hirvarit.fi\/teatteri\/wp-content\/uploads\/2016\/03\/Ella-pressi-valmiit-10-1.jpg 1000w\" sizes=\"(max-width: 200px) 100vw, 200px\" title=\"Ella ja kaverit teatterissa \/ Valokuvat\"><\/a>\n\t\t\t<\/div>\n\t\t\t\t<figcaption class='wp-caption-text gallery-caption' id='gallery-1-824'>\n\t\t\t\tOpettaja (Juha Siltanen)\n\t\t\t\t<\/figcaption><\/figure><figure class='gallery-item'>\n\t\t\t<div class='gallery-icon landscape'>\n\t\t\t\t<a href='https:\/\/www.hirvarit.fi\/teatteri\/hirvarit-2\/menneet-naytelmat-2\/ella-ja-kaverit-teatterissa\/ella-ja-kaverit-teatterissa-valokuvat\/ella-pressi-valmiit-20-2\/'><img decoding=\"async\" width=\"300\" height=\"199\" src=\"https:\/\/www.hirvarit.fi\/teatteri\/wp-content\/uploads\/2016\/03\/Ella-pressi-valmiit-20-1-300x199.jpg\" class=\"attachment-medium size-medium\" alt=\"Ella Pressi Valmiit 20 1 300x199\" aria-describedby=\"gallery-1-825\" srcset=\"https:\/\/www.hirvarit.fi\/teatteri\/wp-content\/uploads\/2016\/03\/Ella-pressi-valmiit-20-1-300x199.jpg 300w, https:\/\/www.hirvarit.fi\/teatteri\/wp-content\/uploads\/2016\/03\/Ella-pressi-valmiit-20-1-768x510.jpg 768w, https:\/\/www.hirvarit.fi\/teatteri\/wp-content\/uploads\/2016\/03\/Ella-pressi-valmiit-20-1-1024x681.jpg 1024w, https:\/\/www.hirvarit.fi\/teatteri\/wp-content\/uploads\/2016\/03\/Ella-pressi-valmiit-20-1.jpg 1500w\" sizes=\"(max-width: 300px) 100vw, 300px\" title=\"Ella ja kaverit teatterissa \/ Valokuvat\"><\/a>\n\t\t\t<\/div>\n\t\t\t\t<figcaption class='wp-caption-text gallery-caption' id='gallery-1-825'>\n\t\t\t\tVasemmalta: Pukari (Senni M\u00e4ki), Ella (Seela Moilanen), Tiina (Mailis Toivanen), Samppa (Rony Kaiskola), Pate (Rasmus Hakala), Hanna (Laura Liimula), Tuukka (Tekla Siltanen), opettaja (Juha Siltanen) ja narikan ty\u00f6ntekij\u00e4 (Aada-Maria Vainio) \n\t\t\t\t<\/figcaption><\/figure><figure class='gallery-item'>\n\t\t\t<div class='gallery-icon landscape'>\n\t\t\t\t<a href='https:\/\/www.hirvarit.fi\/teatteri\/hirvarit-2\/menneet-naytelmat-2\/ella-ja-kaverit-teatterissa\/ella-ja-kaverit-teatterissa-valokuvat\/ella-pressi-valmiit-28-2\/'><img loading=\"lazy\" decoding=\"async\" width=\"300\" height=\"249\" src=\"https:\/\/www.hirvarit.fi\/teatteri\/wp-content\/uploads\/2016\/03\/Ella-pressi-valmiit-28-1-300x249.jpg\" class=\"attachment-medium size-medium\" alt=\"Ella Pressi Valmiit 28 1 300x249\" aria-describedby=\"gallery-1-826\" srcset=\"https:\/\/www.hirvarit.fi\/teatteri\/wp-content\/uploads\/2016\/03\/Ella-pressi-valmiit-28-1-300x249.jpg 300w, https:\/\/www.hirvarit.fi\/teatteri\/wp-content\/uploads\/2016\/03\/Ella-pressi-valmiit-28-1-768x637.jpg 768w, https:\/\/www.hirvarit.fi\/teatteri\/wp-content\/uploads\/2016\/03\/Ella-pressi-valmiit-28-1-1024x849.jpg 1024w, https:\/\/www.hirvarit.fi\/teatteri\/wp-content\/uploads\/2016\/03\/Ella-pressi-valmiit-28-1.jpg 1500w\" sizes=\"(max-width: 300px) 100vw, 300px\" title=\"Ella ja kaverit teatterissa \/ Valokuvat\"><\/a>\n\t\t\t<\/div>\n\t\t\t\t<figcaption class='wp-caption-text gallery-caption' id='gallery-1-826'>\n\t\t\t\tVasemmalta: Opettaja (Juha Siltanen), Samppa (Rony Kaiskola), Ella (Seela Moilanen), Hanna (Laura Liimula), Pate (Rasmus Hakala), Tiina (Mailis Toivanen), Pukari (Senni M\u00e4ki) ja Tuukka (Tekla Siltanen)\n\t\t\t\t<\/figcaption><\/figure><figure class='gallery-item'>\n\t\t\t<div class='gallery-icon portrait'>\n\t\t\t\t<a href='https:\/\/www.hirvarit.fi\/teatteri\/hirvarit-2\/menneet-naytelmat-2\/ella-ja-kaverit-teatterissa\/ella-ja-kaverit-teatterissa-valokuvat\/ella-pressi-valmiit-33-2\/'><img loading=\"lazy\" decoding=\"async\" width=\"204\" height=\"300\" src=\"https:\/\/www.hirvarit.fi\/teatteri\/wp-content\/uploads\/2016\/03\/Ella-pressi-valmiit-33-1-204x300.jpg\" class=\"attachment-medium size-medium\" alt=\"Ella Pressi Valmiit 33 1 204x300\" aria-describedby=\"gallery-1-827\" srcset=\"https:\/\/www.hirvarit.fi\/teatteri\/wp-content\/uploads\/2016\/03\/Ella-pressi-valmiit-33-1-204x300.jpg 204w, https:\/\/www.hirvarit.fi\/teatteri\/wp-content\/uploads\/2016\/03\/Ella-pressi-valmiit-33-1-768x1127.jpg 768w, https:\/\/www.hirvarit.fi\/teatteri\/wp-content\/uploads\/2016\/03\/Ella-pressi-valmiit-33-1-698x1024.jpg 698w, https:\/\/www.hirvarit.fi\/teatteri\/wp-content\/uploads\/2016\/03\/Ella-pressi-valmiit-33-1.jpg 1022w\" sizes=\"(max-width: 204px) 100vw, 204px\" title=\"Ella ja kaverit teatterissa \/ Valokuvat\"><\/a>\n\t\t\t<\/div>\n\t\t\t\t<figcaption class='wp-caption-text gallery-caption' id='gallery-1-827'>\n\t\t\t\tElla (Seela Moilanen)\n\t\t\t\t<\/figcaption><\/figure><figure class='gallery-item'>\n\t\t\t<div class='gallery-icon landscape'>\n\t\t\t\t<a href='https:\/\/www.hirvarit.fi\/teatteri\/hirvarit-2\/menneet-naytelmat-2\/ella-ja-kaverit-teatterissa\/ella-ja-kaverit-teatterissa-valokuvat\/joosef-ja-maria-korjattu\/'><img loading=\"lazy\" decoding=\"async\" width=\"300\" height=\"239\" src=\"https:\/\/www.hirvarit.fi\/teatteri\/wp-content\/uploads\/2016\/03\/Joosef-ja-Maria-korjattu-300x239.jpg\" class=\"attachment-medium size-medium\" alt=\"Joosef Ja Maria Korjattu 300x239\" aria-describedby=\"gallery-1-828\" srcset=\"https:\/\/www.hirvarit.fi\/teatteri\/wp-content\/uploads\/2016\/03\/Joosef-ja-Maria-korjattu-300x239.jpg 300w, https:\/\/www.hirvarit.fi\/teatteri\/wp-content\/uploads\/2016\/03\/Joosef-ja-Maria-korjattu-768x611.jpg 768w, https:\/\/www.hirvarit.fi\/teatteri\/wp-content\/uploads\/2016\/03\/Joosef-ja-Maria-korjattu-1024x815.jpg 1024w, https:\/\/www.hirvarit.fi\/teatteri\/wp-content\/uploads\/2016\/03\/Joosef-ja-Maria-korjattu.jpg 1500w\" sizes=\"(max-width: 300px) 100vw, 300px\" title=\"Ella ja kaverit teatterissa \/ Valokuvat\"><\/a>\n\t\t\t<\/div>\n\t\t\t\t<figcaption class='wp-caption-text gallery-caption' id='gallery-1-828'>\n\t\t\t\tTuukka (Tekla Siltanen) ja Ella (Seela Moilanen)\n\t\t\t\t<\/figcaption><\/figure><figure class='gallery-item'>\n\t\t\t<div class='gallery-icon landscape'>\n\t\t\t\t<a href='https:\/\/www.hirvarit.fi\/teatteri\/hirvarit-2\/menneet-naytelmat-2\/ella-ja-kaverit-teatterissa\/ella-ja-kaverit-teatterissa-valokuvat\/juoksu-korjattu-2\/'><img loading=\"lazy\" decoding=\"async\" width=\"300\" height=\"177\" src=\"https:\/\/www.hirvarit.fi\/teatteri\/wp-content\/uploads\/2016\/03\/Juoksu-korjattu-1-300x177.jpg\" class=\"attachment-medium size-medium\" alt=\"Juoksu Korjattu 1 300x177\" aria-describedby=\"gallery-1-829\" srcset=\"https:\/\/www.hirvarit.fi\/teatteri\/wp-content\/uploads\/2016\/03\/Juoksu-korjattu-1-300x177.jpg 300w, https:\/\/www.hirvarit.fi\/teatteri\/wp-content\/uploads\/2016\/03\/Juoksu-korjattu-1-768x453.jpg 768w, https:\/\/www.hirvarit.fi\/teatteri\/wp-content\/uploads\/2016\/03\/Juoksu-korjattu-1-1024x604.jpg 1024w, https:\/\/www.hirvarit.fi\/teatteri\/wp-content\/uploads\/2016\/03\/Juoksu-korjattu-1.jpg 1500w\" sizes=\"(max-width: 300px) 100vw, 300px\" title=\"Ella ja kaverit teatterissa \/ Valokuvat\"><\/a>\n\t\t\t<\/div>\n\t\t\t\t<figcaption class='wp-caption-text gallery-caption' id='gallery-1-829'>\n\t\t\t\tVasemmalta: Tiina (Mailis Toivanen), Tuukka (Tekla Siltanen), Ella (Seela Moilanen), Pukari (Senni M\u00e4ki), Hanna (Laura Liimula) ja Samppa (Rony Kaiskola)\n\t\t\t\t<\/figcaption><\/figure><figure class='gallery-item'>\n\t\t\t<div class='gallery-icon portrait'>\n\t\t\t\t<a href='https:\/\/www.hirvarit.fi\/teatteri\/hirvarit-2\/menneet-naytelmat-2\/ella-ja-kaverit-teatterissa\/ella-ja-kaverit-teatterissa-valokuvat\/lapset-korjattu-2\/'><img loading=\"lazy\" decoding=\"async\" width=\"202\" height=\"300\" src=\"https:\/\/www.hirvarit.fi\/teatteri\/wp-content\/uploads\/2016\/03\/Lapset-korjattu-1-202x300.jpg\" class=\"attachment-medium size-medium\" alt=\"Lapset Korjattu 1 202x300\" aria-describedby=\"gallery-1-830\" srcset=\"https:\/\/www.hirvarit.fi\/teatteri\/wp-content\/uploads\/2016\/03\/Lapset-korjattu-1-202x300.jpg 202w, https:\/\/www.hirvarit.fi\/teatteri\/wp-content\/uploads\/2016\/03\/Lapset-korjattu-1-768x1139.jpg 768w, https:\/\/www.hirvarit.fi\/teatteri\/wp-content\/uploads\/2016\/03\/Lapset-korjattu-1-690x1024.jpg 690w, https:\/\/www.hirvarit.fi\/teatteri\/wp-content\/uploads\/2016\/03\/Lapset-korjattu-1.jpg 1011w\" sizes=\"(max-width: 202px) 100vw, 202px\" title=\"Ella ja kaverit teatterissa \/ Valokuvat\"><\/a>\n\t\t\t<\/div>\n\t\t\t\t<figcaption class='wp-caption-text gallery-caption' id='gallery-1-830'>\n\t\t\t\tVasemmalta: Pate (Rasmus Hakala), Tiina (Mailis Toivanen), Tuukka (Tekla Siltanen) ja Ella (Seela Moilanen)\n\t\t\t\t<\/figcaption><\/figure><figure class='gallery-item'>\n\t\t\t<div class='gallery-icon portrait'>\n\t\t\t\t<a href='https:\/\/www.hirvarit.fi\/teatteri\/hirvarit-2\/menneet-naytelmat-2\/ella-ja-kaverit-teatterissa\/ella-ja-kaverit-teatterissa-valokuvat\/laura-ja-senni-korjattu-2\/'><img loading=\"lazy\" decoding=\"async\" width=\"195\" height=\"300\" src=\"https:\/\/www.hirvarit.fi\/teatteri\/wp-content\/uploads\/2016\/03\/Laura-ja-Senni-korjattu-1-195x300.jpg\" class=\"attachment-medium size-medium\" alt=\"Laura Ja Senni Korjattu 1 195x300\" aria-describedby=\"gallery-1-831\" srcset=\"https:\/\/www.hirvarit.fi\/teatteri\/wp-content\/uploads\/2016\/03\/Laura-ja-Senni-korjattu-1-195x300.jpg 195w, https:\/\/www.hirvarit.fi\/teatteri\/wp-content\/uploads\/2016\/03\/Laura-ja-Senni-korjattu-1-768x1179.jpg 768w, https:\/\/www.hirvarit.fi\/teatteri\/wp-content\/uploads\/2016\/03\/Laura-ja-Senni-korjattu-1-667x1024.jpg 667w, https:\/\/www.hirvarit.fi\/teatteri\/wp-content\/uploads\/2016\/03\/Laura-ja-Senni-korjattu-1.jpg 977w\" sizes=\"(max-width: 195px) 100vw, 195px\" title=\"Ella ja kaverit teatterissa \/ Valokuvat\"><\/a>\n\t\t\t<\/div>\n\t\t\t\t<figcaption class='wp-caption-text gallery-caption' id='gallery-1-831'>\n\t\t\t\tPukari (Senni M\u00e4ki) ja Hanna (Laura Liimula)\n\t\t\t\t<\/figcaption><\/figure><figure class='gallery-item'>\n\t\t\t<div class='gallery-icon portrait'>\n\t\t\t\t<a href='https:\/\/www.hirvarit.fi\/teatteri\/hirvarit-2\/menneet-naytelmat-2\/ella-ja-kaverit-teatterissa\/ella-ja-kaverit-teatterissa-valokuvat\/meklari-ja-ope-korjattu-copy-2\/'><img loading=\"lazy\" decoding=\"async\" width=\"207\" height=\"300\" src=\"https:\/\/www.hirvarit.fi\/teatteri\/wp-content\/uploads\/2016\/03\/Meklari-ja-ope-korjattu-copy-1-207x300.jpg\" class=\"attachment-medium size-medium\" alt=\"Meklari Ja Ope Korjattu Copy 1 207x300\" aria-describedby=\"gallery-1-832\" srcset=\"https:\/\/www.hirvarit.fi\/teatteri\/wp-content\/uploads\/2016\/03\/Meklari-ja-ope-korjattu-copy-1-207x300.jpg 207w, https:\/\/www.hirvarit.fi\/teatteri\/wp-content\/uploads\/2016\/03\/Meklari-ja-ope-korjattu-copy-1-768x1113.jpg 768w, https:\/\/www.hirvarit.fi\/teatteri\/wp-content\/uploads\/2016\/03\/Meklari-ja-ope-korjattu-copy-1-707x1024.jpg 707w, https:\/\/www.hirvarit.fi\/teatteri\/wp-content\/uploads\/2016\/03\/Meklari-ja-ope-korjattu-copy-1.jpg 1035w\" sizes=\"(max-width: 207px) 100vw, 207px\" title=\"Ella ja kaverit teatterissa \/ Valokuvat\"><\/a>\n\t\t\t<\/div>\n\t\t\t\t<figcaption class='wp-caption-text gallery-caption' id='gallery-1-832'>\n\t\t\t\tMeklari (Piiku Ansam\u00e4ki) ja opettaja (Juha Siltanen)\n\t\t\t\t<\/figcaption><\/figure><figure class='gallery-item'>\n\t\t\t<div class='gallery-icon landscape'>\n\t\t\t\t<a href='https:\/\/www.hirvarit.fi\/teatteri\/hirvarit-2\/menneet-naytelmat-2\/ella-ja-kaverit-teatterissa\/ella-ja-kaverit-teatterissa-valokuvat\/ope-ja-lapset-korjattu-2\/'><img loading=\"lazy\" decoding=\"async\" width=\"300\" height=\"240\" src=\"https:\/\/www.hirvarit.fi\/teatteri\/wp-content\/uploads\/2016\/03\/Ope-ja-lapset-korjattu-1-300x240.jpg\" class=\"attachment-medium size-medium\" alt=\"Ope Ja Lapset Korjattu 1 300x240\" aria-describedby=\"gallery-1-833\" srcset=\"https:\/\/www.hirvarit.fi\/teatteri\/wp-content\/uploads\/2016\/03\/Ope-ja-lapset-korjattu-1-300x240.jpg 300w, https:\/\/www.hirvarit.fi\/teatteri\/wp-content\/uploads\/2016\/03\/Ope-ja-lapset-korjattu-1-768x615.jpg 768w, https:\/\/www.hirvarit.fi\/teatteri\/wp-content\/uploads\/2016\/03\/Ope-ja-lapset-korjattu-1-1024x820.jpg 1024w, https:\/\/www.hirvarit.fi\/teatteri\/wp-content\/uploads\/2016\/03\/Ope-ja-lapset-korjattu-1.jpg 1500w\" sizes=\"(max-width: 300px) 100vw, 300px\" title=\"Ella ja kaverit teatterissa \/ Valokuvat\"><\/a>\n\t\t\t<\/div>\n\t\t\t\t<figcaption class='wp-caption-text gallery-caption' id='gallery-1-833'>\n\t\t\t\tIstumassa vas.: Tiina (Mailis Toivanen), Hanna (Laura Liimula), Pukari (Senni M\u00e4ki), Ella (Seela Moilanen), Samppa (Rony Kaiskola), Tuukka (Tekla Siltanen) ja Pate (Rasmus Hakala). Seisomassa opettaja (Juha Siltanen)\n\t\t\t\t<\/figcaption><\/figure><figure class='gallery-item'>\n\t\t\t<div class='gallery-icon portrait'>\n\t\t\t\t<a href='https:\/\/www.hirvarit.fi\/teatteri\/hirvarit-2\/menneet-naytelmat-2\/ella-ja-kaverit-teatterissa\/ella-ja-kaverit-teatterissa-valokuvat\/ope-ja-reksi-2-korjattu-2\/'><img loading=\"lazy\" decoding=\"async\" width=\"240\" height=\"300\" src=\"https:\/\/www.hirvarit.fi\/teatteri\/wp-content\/uploads\/2016\/03\/Ope-ja-reksi-2-korjattu-1-240x300.jpg\" class=\"attachment-medium size-medium\" alt=\"Ope Ja Reksi 2 Korjattu 1 240x300\" aria-describedby=\"gallery-1-834\" srcset=\"https:\/\/www.hirvarit.fi\/teatteri\/wp-content\/uploads\/2016\/03\/Ope-ja-reksi-2-korjattu-1-240x300.jpg 240w, https:\/\/www.hirvarit.fi\/teatteri\/wp-content\/uploads\/2016\/03\/Ope-ja-reksi-2-korjattu-1-768x962.jpg 768w, https:\/\/www.hirvarit.fi\/teatteri\/wp-content\/uploads\/2016\/03\/Ope-ja-reksi-2-korjattu-1-818x1024.jpg 818w, https:\/\/www.hirvarit.fi\/teatteri\/wp-content\/uploads\/2016\/03\/Ope-ja-reksi-2-korjattu-1.jpg 1198w\" sizes=\"(max-width: 240px) 100vw, 240px\" title=\"Ella ja kaverit teatterissa \/ Valokuvat\"><\/a>\n\t\t\t<\/div>\n\t\t\t\t<figcaption class='wp-caption-text gallery-caption' id='gallery-1-834'>\n\t\t\t\tRehtori (Nora Hlavaty) ja opettaja (Juha Siltanen)\n\t\t\t\t<\/figcaption><\/figure><figure class='gallery-item'>\n\t\t\t<div class='gallery-icon portrait'>\n\t\t\t\t<a href='https:\/\/www.hirvarit.fi\/teatteri\/hirvarit-2\/menneet-naytelmat-2\/ella-ja-kaverit-teatterissa\/ella-ja-kaverit-teatterissa-valokuvat\/ope-ja-samppa-korjattu-2\/'><img loading=\"lazy\" decoding=\"async\" width=\"178\" height=\"300\" src=\"https:\/\/www.hirvarit.fi\/teatteri\/wp-content\/uploads\/2016\/03\/Ope-ja-Samppa-korjattu-1-178x300.jpg\" class=\"attachment-medium size-medium\" alt=\"Ope Ja Samppa Korjattu 1 178x300\" aria-describedby=\"gallery-1-836\" srcset=\"https:\/\/www.hirvarit.fi\/teatteri\/wp-content\/uploads\/2016\/03\/Ope-ja-Samppa-korjattu-1-178x300.jpg 178w, https:\/\/www.hirvarit.fi\/teatteri\/wp-content\/uploads\/2016\/03\/Ope-ja-Samppa-korjattu-1-768x1296.jpg 768w, https:\/\/www.hirvarit.fi\/teatteri\/wp-content\/uploads\/2016\/03\/Ope-ja-Samppa-korjattu-1-607x1024.jpg 607w, https:\/\/www.hirvarit.fi\/teatteri\/wp-content\/uploads\/2016\/03\/Ope-ja-Samppa-korjattu-1.jpg 889w\" sizes=\"(max-width: 178px) 100vw, 178px\" title=\"Ella ja kaverit teatterissa \/ Valokuvat\"><\/a>\n\t\t\t<\/div>\n\t\t\t\t<figcaption class='wp-caption-text gallery-caption' id='gallery-1-836'>\n\t\t\t\tOpettaja (Juha Siltanen) ja Samppa (Rony Kaiskola)\n\t\t\t\t<\/figcaption><\/figure><figure class='gallery-item'>\n\t\t\t<div class='gallery-icon portrait'>\n\t\t\t\t<a href='https:\/\/www.hirvarit.fi\/teatteri\/hirvarit-2\/menneet-naytelmat-2\/ella-ja-kaverit-teatterissa\/ella-ja-kaverit-teatterissa-valokuvat\/ope-ja-vaimo-korjattu-2\/'><img loading=\"lazy\" decoding=\"async\" width=\"178\" height=\"300\" src=\"https:\/\/www.hirvarit.fi\/teatteri\/wp-content\/uploads\/2016\/03\/oPE-JA-VAIMO-KORJATTU-1-178x300.jpg\" class=\"attachment-medium size-medium\" alt=\"OPE JA VAIMO KORJATTU 1 178x300\" aria-describedby=\"gallery-1-837\" srcset=\"https:\/\/www.hirvarit.fi\/teatteri\/wp-content\/uploads\/2016\/03\/oPE-JA-VAIMO-KORJATTU-1-178x300.jpg 178w, https:\/\/www.hirvarit.fi\/teatteri\/wp-content\/uploads\/2016\/03\/oPE-JA-VAIMO-KORJATTU-1-768x1296.jpg 768w, https:\/\/www.hirvarit.fi\/teatteri\/wp-content\/uploads\/2016\/03\/oPE-JA-VAIMO-KORJATTU-1-607x1024.jpg 607w, https:\/\/www.hirvarit.fi\/teatteri\/wp-content\/uploads\/2016\/03\/oPE-JA-VAIMO-KORJATTU-1.jpg 889w\" sizes=\"(max-width: 178px) 100vw, 178px\" title=\"Ella ja kaverit teatterissa \/ Valokuvat\"><\/a>\n\t\t\t<\/div>\n\t\t\t\t<figcaption class='wp-caption-text gallery-caption' id='gallery-1-837'>\n\t\t\t\tOpettajan vaimo (Reetta Isotupa-Siltanen) ja opettaja (Juha Siltanen)\n\t\t\t\t<\/figcaption><\/figure><figure class='gallery-item'>\n\t\t\t<div class='gallery-icon portrait'>\n\t\t\t\t<a href='https:\/\/www.hirvarit.fi\/teatteri\/hirvarit-2\/menneet-naytelmat-2\/ella-ja-kaverit-teatterissa\/ella-ja-kaverit-teatterissa-valokuvat\/ope-karkaa-korjattu-2-2\/'><img loading=\"lazy\" decoding=\"async\" width=\"184\" height=\"300\" src=\"https:\/\/www.hirvarit.fi\/teatteri\/wp-content\/uploads\/2016\/03\/Ope-karkaa-korjattu-2-1-184x300.jpg\" class=\"attachment-medium size-medium\" alt=\"Ope Karkaa Korjattu 2 1 184x300\" aria-describedby=\"gallery-1-838\" srcset=\"https:\/\/www.hirvarit.fi\/teatteri\/wp-content\/uploads\/2016\/03\/Ope-karkaa-korjattu-2-1-184x300.jpg 184w, https:\/\/www.hirvarit.fi\/teatteri\/wp-content\/uploads\/2016\/03\/Ope-karkaa-korjattu-2-1-768x1255.jpg 768w, https:\/\/www.hirvarit.fi\/teatteri\/wp-content\/uploads\/2016\/03\/Ope-karkaa-korjattu-2-1-627x1024.jpg 627w, https:\/\/www.hirvarit.fi\/teatteri\/wp-content\/uploads\/2016\/03\/Ope-karkaa-korjattu-2-1.jpg 918w\" sizes=\"(max-width: 184px) 100vw, 184px\" title=\"Ella ja kaverit teatterissa \/ Valokuvat\"><\/a>\n\t\t\t<\/div>\n\t\t\t\t<figcaption class='wp-caption-text gallery-caption' id='gallery-1-838'>\n\t\t\t\tOpettaja (Juha Siltanen)\n\t\t\t\t<\/figcaption><\/figure><figure class='gallery-item'>\n\t\t\t<div class='gallery-icon landscape'>\n\t\t\t\t<a href='https:\/\/www.hirvarit.fi\/teatteri\/hirvarit-2\/menneet-naytelmat-2\/ella-ja-kaverit-teatterissa\/ella-ja-kaverit-teatterissa-valokuvat\/pate-junassa-korjattu-2\/'><img loading=\"lazy\" decoding=\"async\" width=\"300\" height=\"241\" src=\"https:\/\/www.hirvarit.fi\/teatteri\/wp-content\/uploads\/2016\/03\/Pate-junassa-korjattu-1-300x241.jpg\" class=\"attachment-medium size-medium\" alt=\"Pate Junassa Korjattu 1 300x241\" aria-describedby=\"gallery-1-839\" srcset=\"https:\/\/www.hirvarit.fi\/teatteri\/wp-content\/uploads\/2016\/03\/Pate-junassa-korjattu-1-300x241.jpg 300w, https:\/\/www.hirvarit.fi\/teatteri\/wp-content\/uploads\/2016\/03\/Pate-junassa-korjattu-1-768x617.jpg 768w, https:\/\/www.hirvarit.fi\/teatteri\/wp-content\/uploads\/2016\/03\/Pate-junassa-korjattu-1-1024x823.jpg 1024w, https:\/\/www.hirvarit.fi\/teatteri\/wp-content\/uploads\/2016\/03\/Pate-junassa-korjattu-1.jpg 1500w\" sizes=\"(max-width: 300px) 100vw, 300px\" title=\"Ella ja kaverit teatterissa \/ Valokuvat\"><\/a>\n\t\t\t<\/div>\n\t\t\t\t<figcaption class='wp-caption-text gallery-caption' id='gallery-1-839'>\n\t\t\t\tVasemmalta takana: Juha Siltanen, Nina Oxman, Mailis Toivanen, Seela Moilanen, Laura Liimula, Senni M\u00e4ki, Piiku Ansam\u00e4ki, Nora Hlavaty. Edess\u00e4 vas.: Tekla Siltanen, Rasmus Hakala, Rony Kaiskola \n\t\t\t\t<\/figcaption><\/figure><figure class='gallery-item'>\n\t\t\t<div class='gallery-icon landscape'>\n\t\t\t\t<a href='https:\/\/www.hirvarit.fi\/teatteri\/hirvarit-2\/menneet-naytelmat-2\/ella-ja-kaverit-teatterissa\/ella-ja-kaverit-teatterissa-valokuvat\/susi-korjattu-2\/'><img loading=\"lazy\" decoding=\"async\" width=\"300\" height=\"170\" src=\"https:\/\/www.hirvarit.fi\/teatteri\/wp-content\/uploads\/2016\/03\/Susi-korjattu-2-300x170.jpg\" class=\"attachment-medium size-medium\" alt=\"Susi Korjattu 2 300x170\" aria-describedby=\"gallery-1-844\" srcset=\"https:\/\/www.hirvarit.fi\/teatteri\/wp-content\/uploads\/2016\/03\/Susi-korjattu-2-300x170.jpg 300w, https:\/\/www.hirvarit.fi\/teatteri\/wp-content\/uploads\/2016\/03\/Susi-korjattu-2-768x436.jpg 768w, https:\/\/www.hirvarit.fi\/teatteri\/wp-content\/uploads\/2016\/03\/Susi-korjattu-2-1024x581.jpg 1024w, https:\/\/www.hirvarit.fi\/teatteri\/wp-content\/uploads\/2016\/03\/Susi-korjattu-2.jpg 1500w\" sizes=\"(max-width: 300px) 100vw, 300px\" title=\"Ella ja kaverit teatterissa \/ Valokuvat\"><\/a>\n\t\t\t<\/div>\n\t\t\t\t<figcaption class='wp-caption-text gallery-caption' id='gallery-1-844'>\n\t\t\t\tSusi (Piiku Ansam\u00e4ki)\n\t\t\t\t<\/figcaption><\/figure><figure class='gallery-item'>\n\t\t\t<div class='gallery-icon landscape'>\n\t\t\t\t<a href='https:\/\/www.hirvarit.fi\/teatteri\/hirvarit-2\/menneet-naytelmat-2\/ella-ja-kaverit-teatterissa\/ella-ja-kaverit-teatterissa-valokuvat\/presidentit-2\/'><img loading=\"lazy\" decoding=\"async\" width=\"300\" height=\"202\" src=\"https:\/\/www.hirvarit.fi\/teatteri\/wp-content\/uploads\/2016\/03\/Presidentit-1-300x202.jpg\" class=\"attachment-medium size-medium\" alt=\"Presidentit 1 300x202\" aria-describedby=\"gallery-1-842\" srcset=\"https:\/\/www.hirvarit.fi\/teatteri\/wp-content\/uploads\/2016\/03\/Presidentit-1-300x202.jpg 300w, https:\/\/www.hirvarit.fi\/teatteri\/wp-content\/uploads\/2016\/03\/Presidentit-1-768x517.jpg 768w, https:\/\/www.hirvarit.fi\/teatteri\/wp-content\/uploads\/2016\/03\/Presidentit-1-1024x689.jpg 1024w, https:\/\/www.hirvarit.fi\/teatteri\/wp-content\/uploads\/2016\/03\/Presidentit-1.jpg 1500w\" sizes=\"(max-width: 300px) 100vw, 300px\" title=\"Ella ja kaverit teatterissa \/ Valokuvat\"><\/a>\n\t\t\t<\/div>\n\t\t\t\t<figcaption class='wp-caption-text gallery-caption' id='gallery-1-842'>\n\t\t\t\tVasemmalta: Aada-Maria Vainio, Nina Oxman, Reetta Isotupa-Siltanen, Juha Siltanen, Senni M\u00e4ki, Laura Liimula, Tekla Sitanen, Seela Moilanen, Mailis Toivanen\n\t\t\t\t<\/figcaption><\/figure><figure class='gallery-item'>\n\t\t\t<div class='gallery-icon portrait'>\n\t\t\t\t<a href='https:\/\/www.hirvarit.fi\/teatteri\/hirvarit-2\/menneet-naytelmat-2\/ella-ja-kaverit-teatterissa\/ella-ja-kaverit-teatterissa-valokuvat\/samppa-korjattu-2\/'><img loading=\"lazy\" decoding=\"async\" width=\"197\" height=\"300\" src=\"https:\/\/www.hirvarit.fi\/teatteri\/wp-content\/uploads\/2016\/03\/Samppa-korjattu-1-197x300.jpg\" class=\"attachment-medium size-medium\" alt=\"Samppa Korjattu 1 197x300\" aria-describedby=\"gallery-1-843\" srcset=\"https:\/\/www.hirvarit.fi\/teatteri\/wp-content\/uploads\/2016\/03\/Samppa-korjattu-1-197x300.jpg 197w, https:\/\/www.hirvarit.fi\/teatteri\/wp-content\/uploads\/2016\/03\/Samppa-korjattu-1-768x1168.jpg 768w, https:\/\/www.hirvarit.fi\/teatteri\/wp-content\/uploads\/2016\/03\/Samppa-korjattu-1-673x1024.jpg 673w, https:\/\/www.hirvarit.fi\/teatteri\/wp-content\/uploads\/2016\/03\/Samppa-korjattu-1.jpg 986w\" sizes=\"(max-width: 197px) 100vw, 197px\" title=\"Ella ja kaverit teatterissa \/ Valokuvat\"><\/a>\n\t\t\t<\/div>\n\t\t\t\t<figcaption class='wp-caption-text gallery-caption' id='gallery-1-843'>\n\t\t\t\tSamppa (Rony Kaiskola)\n\t\t\t\t<\/figcaption><\/figure><figure class='gallery-item'>\n\t\t\t<div class='gallery-icon landscape'>\n\t\t\t\t<a href='https:\/\/www.hirvarit.fi\/teatteri\/hirvarit-2\/menneet-naytelmat-2\/ella-ja-kaverit-teatterissa\/ella-ja-kaverit-teatterissa-valokuvat\/ope-ja-reksi-korjattu-2\/'><img loading=\"lazy\" decoding=\"async\" width=\"300\" height=\"288\" src=\"https:\/\/www.hirvarit.fi\/teatteri\/wp-content\/uploads\/2016\/04\/Ope-ja-reksi-korjattu-2-300x288.jpg\" class=\"attachment-medium size-medium\" alt=\"Ope Ja Reksi Korjattu 2 300x288\" aria-describedby=\"gallery-1-848\" srcset=\"https:\/\/www.hirvarit.fi\/teatteri\/wp-content\/uploads\/2016\/04\/Ope-ja-reksi-korjattu-2-300x288.jpg 300w, https:\/\/www.hirvarit.fi\/teatteri\/wp-content\/uploads\/2016\/04\/Ope-ja-reksi-korjattu-2-768x736.jpg 768w, https:\/\/www.hirvarit.fi\/teatteri\/wp-content\/uploads\/2016\/04\/Ope-ja-reksi-korjattu-2-1024x982.jpg 1024w, https:\/\/www.hirvarit.fi\/teatteri\/wp-content\/uploads\/2016\/04\/Ope-ja-reksi-korjattu-2.jpg 1500w\" sizes=\"(max-width: 300px) 100vw, 300px\" title=\"Ella ja kaverit teatterissa \/ Valokuvat\"><\/a>\n\t\t\t<\/div>\n\t\t\t\t<figcaption class='wp-caption-text gallery-caption' id='gallery-1-848'>\n\t\t\t\tRehtori (Nora Hlavaty) ja opettaja (Juha Siltanen)\n\t\t\t\t<\/figcaption><\/figure><figure class='gallery-item'>\n\t\t\t<div class='gallery-icon landscape'>\n\t\t\t\t<a href='https:\/\/www.hirvarit.fi\/teatteri\/hirvarit-2\/menneet-naytelmat-2\/ella-ja-kaverit-teatterissa\/ella-ja-kaverit-teatterissa-valokuvat\/paten-paa-korjattu-2\/'><img loading=\"lazy\" decoding=\"async\" width=\"300\" height=\"280\" src=\"https:\/\/www.hirvarit.fi\/teatteri\/wp-content\/uploads\/2016\/03\/Paten-p\u00e4\u00e4-korjattu-1-300x280.jpg\" class=\"attachment-medium size-medium\" alt=\"Paten P\u00e4\u00e4 Korjattu 1 300x280\" aria-describedby=\"gallery-1-840\" srcset=\"https:\/\/www.hirvarit.fi\/teatteri\/wp-content\/uploads\/2016\/03\/Paten-p\u00e4\u00e4-korjattu-1-300x280.jpg 300w, https:\/\/www.hirvarit.fi\/teatteri\/wp-content\/uploads\/2016\/03\/Paten-p\u00e4\u00e4-korjattu-1-768x716.jpg 768w, https:\/\/www.hirvarit.fi\/teatteri\/wp-content\/uploads\/2016\/03\/Paten-p\u00e4\u00e4-korjattu-1-1024x954.jpg 1024w, https:\/\/www.hirvarit.fi\/teatteri\/wp-content\/uploads\/2016\/03\/Paten-p\u00e4\u00e4-korjattu-1.jpg 1500w\" sizes=\"(max-width: 300px) 100vw, 300px\" title=\"Ella ja kaverit teatterissa \/ Valokuvat\"><\/a>\n\t\t\t<\/div>\n\t\t\t\t<figcaption class='wp-caption-text gallery-caption' id='gallery-1-840'>\n\t\t\t\tVasemmalta: Tuukka (Tekla Siltanen), Hanna (Laura Liimula), Ella (Seela Moilanen), Samppa (Rony Kaiskola), Pate (Rasmus Hakala), Tiina (Mailis Toivanen), Pukari (Senni M\u00e4ki)\n\t\t\t\t<\/figcaption><\/figure><figure class='gallery-item'>\n\t\t\t<div class='gallery-icon landscape'>\n\t\t\t\t<a href='https:\/\/www.hirvarit.fi\/teatteri\/ph-ja-susi-korjattu-2-copy\/'><img loading=\"lazy\" decoding=\"async\" width=\"300\" height=\"190\" src=\"https:\/\/www.hirvarit.fi\/teatteri\/wp-content\/uploads\/2016\/04\/PH-ja-susi-korjattu-2-copy-300x190.jpg\" class=\"attachment-medium size-medium\" alt=\"PH Ja Susi Korjattu 2 Copy 300x190\" aria-describedby=\"gallery-1-852\" srcset=\"https:\/\/www.hirvarit.fi\/teatteri\/wp-content\/uploads\/2016\/04\/PH-ja-susi-korjattu-2-copy-300x190.jpg 300w, https:\/\/www.hirvarit.fi\/teatteri\/wp-content\/uploads\/2016\/04\/PH-ja-susi-korjattu-2-copy-768x487.jpg 768w, https:\/\/www.hirvarit.fi\/teatteri\/wp-content\/uploads\/2016\/04\/PH-ja-susi-korjattu-2-copy-1024x650.jpg 1024w, https:\/\/www.hirvarit.fi\/teatteri\/wp-content\/uploads\/2016\/04\/PH-ja-susi-korjattu-2-copy.jpg 1500w\" sizes=\"(max-width: 300px) 100vw, 300px\" title=\"Ella ja kaverit teatterissa \/ Valokuvat\"><\/a>\n\t\t\t<\/div>\n\t\t\t\t<figcaption class='wp-caption-text gallery-caption' id='gallery-1-852'>\n\t\t\t\tPunahilkka (Aada-Maria Vainio) ja susi (Piiku Ansam\u00e4ki)\n\t\t\t\t<\/figcaption><\/figure>\n\t\t<\/div>\n\n<p><a href=\"http:\/\/hirvarit.teatteriliput.net\/lipunvaraus\/?esitys=12\">VARAA LIPPUJA N\u00c4YT\u00d6KSIIN<\/a><\/p>\n<p><a href=\"http:\/\/www.hirvarit.fi\/teatteri\/wp-content\/uploads\/2016\/03\/ella-21.jpg\" rel=\"attachment wp-att-746\">\u00a0 <\/a><\/p>\n<p>&nbsp;<\/p>\n<p>&nbsp;<\/p>\n<p>&nbsp;<\/p>\n<p>&nbsp;<\/p>\n<p>&nbsp;<\/p>\n<p>&nbsp;<\/p>\n<p>&nbsp;<\/p>\n<p>&nbsp;<\/p>\n<p>&nbsp;<\/p>\n<p>&nbsp;<\/p>\n<p>&nbsp;<\/p>\n<p>&nbsp;<\/p>\n<p>&nbsp;<\/p>\n<p>&nbsp;<\/p>\n<p>&nbsp;<\/p>\n","protected":false},"excerpt":{"rendered":"<p>ELLA JA KAVERIT TEATTERISSA Kuvat: Mika Nurmi Photography VARAA LIPPUJA N\u00c4YT\u00d6KSIIN \u00a0 &nbsp; &nbsp; &nbsp; &nbsp; &nbsp; &nbsp; &nbsp; &nbsp; &nbsp; &nbsp; &nbsp; &nbsp; &nbsp; &nbsp; &nbsp;<\/p>\n","protected":false},"author":1,"featured_media":0,"parent":571,"menu_order":0,"comment_status":"closed","ping_status":"closed","template":"","meta":{"footnotes":""},"class_list":["post-621","page","type-page","status-publish","hentry"],"_links":{"self":[{"href":"https:\/\/www.hirvarit.fi\/teatteri\/wp-json\/wp\/v2\/pages\/621","targetHints":{"allow":["GET"]}}],"collection":[{"href":"https:\/\/www.hirvarit.fi\/teatteri\/wp-json\/wp\/v2\/pages"}],"about":[{"href":"https:\/\/www.hirvarit.fi\/teatteri\/wp-json\/wp\/v2\/types\/page"}],"author":[{"embeddable":true,"href":"https:\/\/www.hirvarit.fi\/teatteri\/wp-json\/wp\/v2\/users\/1"}],"replies":[{"embeddable":true,"href":"https:\/\/www.hirvarit.fi\/teatteri\/wp-json\/wp\/v2\/comments?post=621"}],"version-history":[{"count":74,"href":"https:\/\/www.hirvarit.fi\/teatteri\/wp-json\/wp\/v2\/pages\/621\/revisions"}],"predecessor-version":[{"id":858,"href":"https:\/\/www.hirvarit.fi\/teatteri\/wp-json\/wp\/v2\/pages\/621\/revisions\/858"}],"up":[{"embeddable":true,"href":"https:\/\/www.hirvarit.fi\/teatteri\/wp-json\/wp\/v2\/pages\/571"}],"wp:attachment":[{"href":"https:\/\/www.hirvarit.fi\/teatteri\/wp-json\/wp\/v2\/media?parent=621"}],"curies":[{"name":"wp","href":"https:\/\/api.w.org\/{rel}","templated":true}]}}